{"id":190,"date":"2023-03-16T19:36:01","date_gmt":"2023-03-16T18:36:01","guid":{"rendered":"https:\/\/epicerievernazza.fr\/?page_id=190"},"modified":"2023-05-20T00:17:34","modified_gmt":"2023-05-19T22:17:34","slug":"traiteur","status":"publish","type":"page","link":"https:\/\/epicerievernazza.fr\/?page_id=190","title":{"rendered":"Traiteur"},"content":{"rendered":"\t\t<div data-elementor-type=\"wp-page\" data-elementor-id=\"190\" class=\"elementor elementor-190\">\n\t\t\t\t\t\t<section class=\"elementor-section elementor-top-section elementor-element elementor-element-976d891 elementor-section-boxed elementor-section-height-default elementor-section-height-default\" data-id=\"976d891\" data-element_type=\"section\" data-e-type=\"section\">\n\t\t\t\t\t\t<div class=\"elementor-container elementor-column-gap-default\">\n\t\t\t\t\t<div class=\"elementor-column elementor-col-100 elementor-top-column elementor-element elementor-element-5a94ece\" data-id=\"5a94ece\" data-element_type=\"column\" data-e-type=\"column\">\n\t\t\t<div class=\"elementor-widget-wrap elementor-element-populated\">\n\t\t\t\t\t\t<div class=\"elementor-element elementor-element-b823d20 elementor-invisible elementor-widget elementor-widget-heading\" data-id=\"b823d20\" data-element_type=\"widget\" data-e-type=\"widget\" data-settings=\"{&quot;_animation&quot;:&quot;fadeIn&quot;}\" data-widget_type=\"heading.default\">\n\t\t\t\t<div class=\"elementor-widget-container\">\n\t\t\t\t\t<h2 class=\"elementor-heading-title elementor-size-default\">Traiteur<\/h2>\t\t\t\t<\/div>\n\t\t\t\t<\/div>\n\t\t\t\t\t<\/div>\n\t\t<\/div>\n\t\t\t\t\t<\/div>\n\t\t<\/section>\n\t\t\t\t<section class=\"elementor-section elementor-top-section elementor-element elementor-element-726627e elementor-section-boxed elementor-section-height-default elementor-section-height-default\" data-id=\"726627e\" data-element_type=\"section\" data-e-type=\"section\">\n\t\t\t\t\t\t<div class=\"elementor-container elementor-column-gap-default\">\n\t\t\t\t\t<div class=\"elementor-column elementor-col-100 elementor-top-column elementor-element elementor-element-a531c25\" data-id=\"a531c25\" data-element_type=\"column\" data-e-type=\"column\">\n\t\t\t<div class=\"elementor-widget-wrap elementor-element-populated\">\n\t\t\t\t\t\t<div class=\"elementor-element elementor-element-8d53d9a elementor-widget elementor-widget-spacer\" data-id=\"8d53d9a\" data-element_type=\"widget\" data-e-type=\"widget\" data-widget_type=\"spacer.default\">\n\t\t\t\t<div class=\"elementor-widget-container\">\n\t\t\t\t\t\t\t<div class=\"elementor-spacer\">\n\t\t\t<div class=\"elementor-spacer-inner\"><\/div>\n\t\t<\/div>\n\t\t\t\t\t\t<\/div>\n\t\t\t\t<\/div>\n\t\t\t\t\t<\/div>\n\t\t<\/div>\n\t\t\t\t\t<\/div>\n\t\t<\/section>\n\t\t\t\t<section class=\"elementor-section elementor-top-section elementor-element elementor-element-e0d8348 elementor-section-boxed elementor-section-height-default elementor-section-height-default\" data-id=\"e0d8348\" data-element_type=\"section\" data-e-type=\"section\">\n\t\t\t\t\t\t<div class=\"elementor-container elementor-column-gap-default\">\n\t\t\t\t\t<div class=\"elementor-column elementor-col-100 elementor-top-column elementor-element elementor-element-23d8e10\" data-id=\"23d8e10\" data-element_type=\"column\" data-e-type=\"column\">\n\t\t\t<div class=\"elementor-widget-wrap elementor-element-populated\">\n\t\t\t\t\t\t<div class=\"elementor-element elementor-element-d678c1e elementor-invisible elementor-widget elementor-widget-text-editor\" data-id=\"d678c1e\" data-element_type=\"widget\" data-e-type=\"widget\" data-settings=\"{&quot;_animation&quot;:&quot;fadeIn&quot;}\" data-widget_type=\"text-editor.default\">\n\t\t\t\t<div class=\"elementor-widget-container\">\n\t\t\t\t\t\t\t\t\t<p><span style=\"color: #1d1d1b;\">Un repas de famille, un ap\u00e9ritif entre amis ou une r\u00e9union d\u2019entreprise, le rayon traiteur de <strong><a href=\"https:\/\/epicerievernazza.fr\/\"><em><span style=\"color: #9a2a1b;\">Vernazza<\/span><\/em><\/a><\/strong> vous propose des plateaux de charcuterie, de fromages italiens, des lasagnes, des bruschettas, des plats en sauce et des desserts.<\/span><\/p><p><span style=\"color: #1d1d1b;\">Chez <strong><a href=\"https:\/\/epicerievernazza.fr\/\"><em><span style=\"color: #9a2a1b;\">Vernazza<\/span><\/em><\/a><\/strong> les prestations se font sur commande au minimum 10 jours avant la date de votre \u00e9v\u00e8nement et sont \u00e0 r\u00e9ceptionner en boutique.\u00a0<\/span><\/p><p><span style=\"color: #1d1d1b;\">Retrouvez dans les <strong><a href=\"https:\/\/epicerievernazza.fr\/?page_id=247\">plats<\/a><\/strong>, <strong><a href=\"https:\/\/epicerievernazza.fr\/?page_id=248\">desserts<\/a><\/strong> et <strong><a href=\"https:\/\/epicerievernazza.fr\/?page_id=249\">carte des prestations<\/a><\/strong> l\u2019ensemble du service Traiteur propos\u00e9 chez <strong><a href=\"https:\/\/epicerievernazza.fr\/\"><span style=\"color: #9a2a1b;\"><em>Vernazza<\/em><\/span><\/a><\/strong>.<\/span><\/p>\t\t\t\t\t\t\t\t<\/div>\n\t\t\t\t<\/div>\n\t\t\t\t<div class=\"elementor-element elementor-element-ac38ae6 elementor-widget-divider--view-line_icon elementor-view-default elementor-widget-divider--element-align-center elementor-invisible elementor-widget elementor-widget-divider\" data-id=\"ac38ae6\" data-element_type=\"widget\" data-e-type=\"widget\" data-settings=\"{&quot;_animation&quot;:&quot;fadeIn&quot;}\" data-widget_type=\"divider.default\">\n\t\t\t\t<div class=\"elementor-widget-container\">\n\t\t\t\t\t\t\t<div class=\"elementor-divider\">\n\t\t\t<span class=\"elementor-divider-separator\">\n\t\t\t\t\t\t\t<div class=\"elementor-icon elementor-divider__element\">\n\t\t\t\t\t<i aria-hidden=\"true\" class=\"fas fa-utensils\"><\/i><\/div>\n\t\t\t\t\t\t<\/span>\n\t\t<\/div>\n\t\t\t\t\t\t<\/div>\n\t\t\t\t<\/div>\n\t\t\t\t<div class=\"elementor-element elementor-element-c6951f6 elementor-pagination-position-outside elementor-invisible elementor-widget elementor-widget-image-carousel\" data-id=\"c6951f6\" data-element_type=\"widget\" data-e-type=\"widget\" data-settings=\"{&quot;slides_to_show_tablet&quot;:&quot;3&quot;,&quot;navigation&quot;:&quot;dots&quot;,&quot;slides_to_show_mobile&quot;:&quot;1&quot;,&quot;_animation&quot;:&quot;fadeIn&quot;,&quot;autoplay&quot;:&quot;yes&quot;,&quot;pause_on_hover&quot;:&quot;yes&quot;,&quot;pause_on_interaction&quot;:&quot;yes&quot;,&quot;autoplay_speed&quot;:5000,&quot;infinite&quot;:&quot;yes&quot;,&quot;speed&quot;:500}\" data-widget_type=\"image-carousel.default\">\n\t\t\t\t<div class=\"elementor-widget-container\">\n\t\t\t\t\t\t\t<div class=\"elementor-image-carousel-wrapper swiper\" role=\"region\" aria-roledescription=\"carousel\" aria-label=\"Carrousel d\u2019images\" dir=\"ltr\">\n\t\t\t<div class=\"elementor-image-carousel swiper-wrapper swiper-image-stretch\" aria-live=\"off\">\n\t\t\t\t\t\t\t\t<div class=\"swiper-slide\" role=\"group\" aria-roledescription=\"slide\" aria-label=\"1 sur 3\"><figure class=\"swiper-slide-inner\"><img decoding=\"async\" class=\"swiper-slide-image\" src=\"https:\/\/epicerievernazza.fr\/wp-content\/uploads\/2023\/04\/20230314_145423-768x363.jpg\" alt=\"Bruschetta napolitaine\" \/><\/figure><\/div><div class=\"swiper-slide\" role=\"group\" aria-roledescription=\"slide\" aria-label=\"2 sur 3\"><figure class=\"swiper-slide-inner\"><img decoding=\"async\" class=\"swiper-slide-image\" src=\"https:\/\/epicerievernazza.fr\/wp-content\/uploads\/2023\/04\/20230304_153653-768x363.jpg\" alt=\"Lasagnes au boeuf\" \/><\/figure><\/div><div class=\"swiper-slide\" role=\"group\" aria-roledescription=\"slide\" aria-label=\"3 sur 3\"><figure class=\"swiper-slide-inner\"><img decoding=\"async\" class=\"swiper-slide-image\" src=\"https:\/\/epicerievernazza.fr\/wp-content\/uploads\/2023\/04\/photo-desserts-1-1-768x364.jpg\" alt=\"Tiramisus\" \/><\/figure><\/div>\t\t\t<\/div>\n\t\t\t\t\t\t\t\n\t\t\t\t\t\t\t\t\t<div class=\"swiper-pagination\"><\/div>\n\t\t\t\t\t\t\t\t\t<\/div>\n\t\t\t\t\t\t<\/div>\n\t\t\t\t<\/div>\n\t\t\t\t\t<\/div>\n\t\t<\/div>\n\t\t\t\t\t<\/div>\n\t\t<\/section>\n\t\t\t\t<section class=\"elementor-section elementor-top-section elementor-element elementor-element-375f2e8 elementor-section-boxed elementor-section-height-default elementor-section-height-default\" data-id=\"375f2e8\" data-element_type=\"section\" data-e-type=\"section\">\n\t\t\t\t\t\t<div class=\"elementor-container elementor-column-gap-default\">\n\t\t\t\t\t<div class=\"elementor-column elementor-col-100 elementor-top-column elementor-element elementor-element-8ff15d8\" data-id=\"8ff15d8\" data-element_type=\"column\" data-e-type=\"column\">\n\t\t\t<div class=\"elementor-widget-wrap elementor-element-populated\">\n\t\t\t\t\t\t<div class=\"elementor-element elementor-element-f84515c elementor-widget elementor-widget-spacer\" data-id=\"f84515c\" data-element_type=\"widget\" data-e-type=\"widget\" data-widget_type=\"spacer.default\">\n\t\t\t\t<div class=\"elementor-widget-container\">\n\t\t\t\t\t\t\t<div class=\"elementor-spacer\">\n\t\t\t<div class=\"elementor-spacer-inner\"><\/div>\n\t\t<\/div>\n\t\t\t\t\t\t<\/div>\n\t\t\t\t<\/div>\n\t\t\t\t\t<\/div>\n\t\t<\/div>\n\t\t\t\t\t<\/div>\n\t\t<\/section>\n\t\t\t\t<section class=\"elementor-section elementor-top-section elementor-element elementor-element-3c5f27d elementor-section-boxed elementor-section-height-default elementor-section-height-default\" data-id=\"3c5f27d\" data-element_type=\"section\" data-e-type=\"section\">\n\t\t\t\t\t\t<div class=\"elementor-container elementor-column-gap-default\">\n\t\t\t\t\t<div class=\"elementor-column elementor-col-100 elementor-top-column elementor-element elementor-element-8b7c3f1\" data-id=\"8b7c3f1\" data-element_type=\"column\" data-e-type=\"column\">\n\t\t\t<div class=\"elementor-widget-wrap elementor-element-populated\">\n\t\t\t\t\t\t<div class=\"elementor-element elementor-element-87c5389 elementor-invisible elementor-widget elementor-widget-text-editor\" data-id=\"87c5389\" data-element_type=\"widget\" data-e-type=\"widget\" data-settings=\"{&quot;_animation&quot;:&quot;fadeIn&quot;}\" data-widget_type=\"text-editor.default\">\n\t\t\t\t<div class=\"elementor-widget-container\">\n\t\t\t\t\t\t\t\t\t<p style=\"text-align: center;\"><span style=\"color: #1d1d1b;\">Dans la continuit\u00e9 de notre d\u00e9marche \u00e9cologique, il vous sera demand\u00e9 de nous fournir vos r\u00e9cipients\/ plats au pr\u00e9alable.<\/span><\/p>\t\t\t\t\t\t\t\t<\/div>\n\t\t\t\t<\/div>\n\t\t\t\t\t<\/div>\n\t\t<\/div>\n\t\t\t\t\t<\/div>\n\t\t<\/section>\n\t\t\t\t<\/div>\n\t\t","protected":false},"excerpt":{"rendered":"<p>Traiteur Un repas de famille, un ap\u00e9ritif entre amis ou une r\u00e9union d\u2019entreprise, le rayon traiteur de Vernazza vous propose des plateaux de charcuterie, de fromages italiens, des lasagnes, des bruschettas, des plats en sauce et des desserts. Chez Vernazza les prestations se font sur commande au minimum 10 jours avant la date de votre<\/p><\/div>\n<div class=\"blog-btn\"><a href=\"https:\/\/epicerievernazza.fr\/?page_id=190\" class=\"home-blog-btn\">Read More<\/a><\/p>\n","protected":false},"author":1,"featured_media":0,"parent":0,"menu_order":0,"comment_status":"closed","ping_status":"closed","template":"","meta":{"footnotes":""},"class_list":["post-190","page","type-page","status-publish","hentry"],"yoast_head":"<!-- This site is optimized with the Yoast SEO plugin v26.8 - https:\/\/yoast.com\/product\/yoast-seo-wordpress\/ -->\n<title>Traiteur - Epicerie Traiteur Italien Vernazza<\/title>\n<meta name=\"robots\" content=\"index, follow, max-snippet:-1, max-image-preview:large, max-video-preview:-1\" \/>\n<link rel=\"canonical\" href=\"https:\/\/epicerievernazza.fr\/?page_id=190\" \/>\n<meta property=\"og:locale\" content=\"en_US\" \/>\n<meta property=\"og:type\" content=\"article\" \/>\n<meta property=\"og:title\" content=\"Traiteur - Epicerie Traiteur Italien Vernazza\" \/>\n<meta property=\"og:description\" content=\"Traiteur Un repas de famille, un ap\u00e9ritif entre amis ou une r\u00e9union d\u2019entreprise, le rayon traiteur de Vernazza vous propose des plateaux de charcuterie, de fromages italiens, des lasagnes, des bruschettas, des plats en sauce et des desserts. Chez Vernazza les prestations se font sur commande au minimum 10 jours avant la date de votreRead More\" \/>\n<meta property=\"og:url\" content=\"https:\/\/epicerievernazza.fr\/?page_id=190\" \/>\n<meta property=\"og:site_name\" content=\"Epicerie Traiteur Italien Vernazza\" \/>\n<meta property=\"article:publisher\" content=\"https:\/\/www.facebook.com\/epicerievernazzalapaquelais\" \/>\n<meta property=\"article:modified_time\" content=\"2023-05-19T22:17:34+00:00\" \/>\n<meta property=\"og:image\" content=\"http:\/\/epicerievernazza.fr\/wp-content\/uploads\/2023\/04\/20230314_145423-768x363.jpg\" \/>\n<meta name=\"twitter:card\" content=\"summary_large_image\" \/>\n<meta name=\"twitter:label1\" content=\"Est. reading time\" \/>\n\t<meta name=\"twitter:data1\" content=\"2 minutes\" \/>\n<script type=\"application\/ld+json\" class=\"yoast-schema-graph\">{\"@context\":\"https:\/\/schema.org\",\"@graph\":[{\"@type\":\"WebPage\",\"@id\":\"https:\/\/epicerievernazza.fr\/?page_id=190\",\"url\":\"https:\/\/epicerievernazza.fr\/?page_id=190\",\"name\":\"Traiteur - Epicerie Traiteur Italien Vernazza\",\"isPartOf\":{\"@id\":\"https:\/\/epicerievernazza.fr\/#website\"},\"primaryImageOfPage\":{\"@id\":\"https:\/\/epicerievernazza.fr\/?page_id=190#primaryimage\"},\"image\":{\"@id\":\"https:\/\/epicerievernazza.fr\/?page_id=190#primaryimage\"},\"thumbnailUrl\":\"http:\/\/epicerievernazza.fr\/wp-content\/uploads\/2023\/04\/20230314_145423-768x363.jpg\",\"datePublished\":\"2023-03-16T18:36:01+00:00\",\"dateModified\":\"2023-05-19T22:17:34+00:00\",\"breadcrumb\":{\"@id\":\"https:\/\/epicerievernazza.fr\/?page_id=190#breadcrumb\"},\"inLanguage\":\"en-US\",\"potentialAction\":[{\"@type\":\"ReadAction\",\"target\":[\"https:\/\/epicerievernazza.fr\/?page_id=190\"]}]},{\"@type\":\"ImageObject\",\"inLanguage\":\"en-US\",\"@id\":\"https:\/\/epicerievernazza.fr\/?page_id=190#primaryimage\",\"url\":\"http:\/\/epicerievernazza.fr\/wp-content\/uploads\/2023\/04\/20230314_145423-768x363.jpg\",\"contentUrl\":\"http:\/\/epicerievernazza.fr\/wp-content\/uploads\/2023\/04\/20230314_145423-768x363.jpg\"},{\"@type\":\"BreadcrumbList\",\"@id\":\"https:\/\/epicerievernazza.fr\/?page_id=190#breadcrumb\",\"itemListElement\":[{\"@type\":\"ListItem\",\"position\":1,\"name\":\"Accueil\",\"item\":\"https:\/\/epicerievernazza.fr\/\"},{\"@type\":\"ListItem\",\"position\":2,\"name\":\"Traiteur\"}]},{\"@type\":\"WebSite\",\"@id\":\"https:\/\/epicerievernazza.fr\/#website\",\"url\":\"https:\/\/epicerievernazza.fr\/\",\"name\":\"Epicerie Traiteur Italien Vernazza\",\"description\":\"\",\"publisher\":{\"@id\":\"https:\/\/epicerievernazza.fr\/#organization\"},\"potentialAction\":[{\"@type\":\"SearchAction\",\"target\":{\"@type\":\"EntryPoint\",\"urlTemplate\":\"https:\/\/epicerievernazza.fr\/?s={search_term_string}\"},\"query-input\":{\"@type\":\"PropertyValueSpecification\",\"valueRequired\":true,\"valueName\":\"search_term_string\"}}],\"inLanguage\":\"en-US\"},{\"@type\":\"Organization\",\"@id\":\"https:\/\/epicerievernazza.fr\/#organization\",\"name\":\"Epicerie Traiteur Italien Vernazza\",\"url\":\"https:\/\/epicerievernazza.fr\/\",\"logo\":{\"@type\":\"ImageObject\",\"inLanguage\":\"en-US\",\"@id\":\"https:\/\/epicerievernazza.fr\/#\/schema\/logo\/image\/\",\"url\":\"https:\/\/epicerievernazza.fr\/wp-content\/uploads\/2023\/03\/Vernazza.png\",\"contentUrl\":\"https:\/\/epicerievernazza.fr\/wp-content\/uploads\/2023\/03\/Vernazza.png\",\"width\":652,\"height\":141,\"caption\":\"Epicerie Traiteur Italien Vernazza\"},\"image\":{\"@id\":\"https:\/\/epicerievernazza.fr\/#\/schema\/logo\/image\/\"},\"sameAs\":[\"https:\/\/www.facebook.com\/epicerievernazzalapaquelais\",\"https:\/\/www.instagram.com\/vernazza_la_paquelais\/\"]}]}<\/script>\n<!-- \/ Yoast SEO plugin. -->","yoast_head_json":{"title":"Traiteur - Epicerie Traiteur Italien Vernazza","robots":{"index":"index","follow":"follow","max-snippet":"max-snippet:-1","max-image-preview":"max-image-preview:large","max-video-preview":"max-video-preview:-1"},"canonical":"https:\/\/epicerievernazza.fr\/?page_id=190","og_locale":"en_US","og_type":"article","og_title":"Traiteur - Epicerie Traiteur Italien Vernazza","og_description":"Traiteur Un repas de famille, un ap\u00e9ritif entre amis ou une r\u00e9union d\u2019entreprise, le rayon traiteur de Vernazza vous propose des plateaux de charcuterie, de fromages italiens, des lasagnes, des bruschettas, des plats en sauce et des desserts. Chez Vernazza les prestations se font sur commande au minimum 10 jours avant la date de votreRead More","og_url":"https:\/\/epicerievernazza.fr\/?page_id=190","og_site_name":"Epicerie Traiteur Italien Vernazza","article_publisher":"https:\/\/www.facebook.com\/epicerievernazzalapaquelais","article_modified_time":"2023-05-19T22:17:34+00:00","og_image":[{"url":"http:\/\/epicerievernazza.fr\/wp-content\/uploads\/2023\/04\/20230314_145423-768x363.jpg","type":"","width":"","height":""}],"twitter_card":"summary_large_image","twitter_misc":{"Est. reading time":"2 minutes"},"schema":{"@context":"https:\/\/schema.org","@graph":[{"@type":"WebPage","@id":"https:\/\/epicerievernazza.fr\/?page_id=190","url":"https:\/\/epicerievernazza.fr\/?page_id=190","name":"Traiteur - Epicerie Traiteur Italien Vernazza","isPartOf":{"@id":"https:\/\/epicerievernazza.fr\/#website"},"primaryImageOfPage":{"@id":"https:\/\/epicerievernazza.fr\/?page_id=190#primaryimage"},"image":{"@id":"https:\/\/epicerievernazza.fr\/?page_id=190#primaryimage"},"thumbnailUrl":"http:\/\/epicerievernazza.fr\/wp-content\/uploads\/2023\/04\/20230314_145423-768x363.jpg","datePublished":"2023-03-16T18:36:01+00:00","dateModified":"2023-05-19T22:17:34+00:00","breadcrumb":{"@id":"https:\/\/epicerievernazza.fr\/?page_id=190#breadcrumb"},"inLanguage":"en-US","potentialAction":[{"@type":"ReadAction","target":["https:\/\/epicerievernazza.fr\/?page_id=190"]}]},{"@type":"ImageObject","inLanguage":"en-US","@id":"https:\/\/epicerievernazza.fr\/?page_id=190#primaryimage","url":"http:\/\/epicerievernazza.fr\/wp-content\/uploads\/2023\/04\/20230314_145423-768x363.jpg","contentUrl":"http:\/\/epicerievernazza.fr\/wp-content\/uploads\/2023\/04\/20230314_145423-768x363.jpg"},{"@type":"BreadcrumbList","@id":"https:\/\/epicerievernazza.fr\/?page_id=190#breadcrumb","itemListElement":[{"@type":"ListItem","position":1,"name":"Accueil","item":"https:\/\/epicerievernazza.fr\/"},{"@type":"ListItem","position":2,"name":"Traiteur"}]},{"@type":"WebSite","@id":"https:\/\/epicerievernazza.fr\/#website","url":"https:\/\/epicerievernazza.fr\/","name":"Epicerie Traiteur Italien Vernazza","description":"","publisher":{"@id":"https:\/\/epicerievernazza.fr\/#organization"},"potentialAction":[{"@type":"SearchAction","target":{"@type":"EntryPoint","urlTemplate":"https:\/\/epicerievernazza.fr\/?s={search_term_string}"},"query-input":{"@type":"PropertyValueSpecification","valueRequired":true,"valueName":"search_term_string"}}],"inLanguage":"en-US"},{"@type":"Organization","@id":"https:\/\/epicerievernazza.fr\/#organization","name":"Epicerie Traiteur Italien Vernazza","url":"https:\/\/epicerievernazza.fr\/","logo":{"@type":"ImageObject","inLanguage":"en-US","@id":"https:\/\/epicerievernazza.fr\/#\/schema\/logo\/image\/","url":"https:\/\/epicerievernazza.fr\/wp-content\/uploads\/2023\/03\/Vernazza.png","contentUrl":"https:\/\/epicerievernazza.fr\/wp-content\/uploads\/2023\/03\/Vernazza.png","width":652,"height":141,"caption":"Epicerie Traiteur Italien Vernazza"},"image":{"@id":"https:\/\/epicerievernazza.fr\/#\/schema\/logo\/image\/"},"sameAs":["https:\/\/www.facebook.com\/epicerievernazzalapaquelais","https:\/\/www.instagram.com\/vernazza_la_paquelais\/"]}]}},"_links":{"self":[{"href":"https:\/\/epicerievernazza.fr\/index.php?rest_route=\/wp\/v2\/pages\/190","targetHints":{"allow":["GET"]}}],"collection":[{"href":"https:\/\/epicerievernazza.fr\/index.php?rest_route=\/wp\/v2\/pages"}],"about":[{"href":"https:\/\/epicerievernazza.fr\/index.php?rest_route=\/wp\/v2\/types\/page"}],"author":[{"embeddable":true,"href":"https:\/\/epicerievernazza.fr\/index.php?rest_route=\/wp\/v2\/users\/1"}],"replies":[{"embeddable":true,"href":"https:\/\/epicerievernazza.fr\/index.php?rest_route=%2Fwp%2Fv2%2Fcomments&post=190"}],"version-history":[{"count":70,"href":"https:\/\/epicerievernazza.fr\/index.php?rest_route=\/wp\/v2\/pages\/190\/revisions"}],"predecessor-version":[{"id":5147,"href":"https:\/\/epicerievernazza.fr\/index.php?rest_route=\/wp\/v2\/pages\/190\/revisions\/5147"}],"wp:attachment":[{"href":"https:\/\/epicerievernazza.fr\/index.php?rest_route=%2Fwp%2Fv2%2Fmedia&parent=190"}],"curies":[{"name":"wp","href":"https:\/\/api.w.org\/{rel}","templated":true}]}}