{"id":199,"date":"2023-03-16T19:36:35","date_gmt":"2023-03-16T18:36:35","guid":{"rendered":"https:\/\/epicerievernazza.fr\/?page_id=199"},"modified":"2023-04-25T14:20:14","modified_gmt":"2023-04-25T12:20:14","slug":"epicerie","status":"publish","type":"page","link":"https:\/\/epicerievernazza.fr\/?page_id=199","title":{"rendered":"Epicerie"},"content":{"rendered":"\t\t<div data-elementor-type=\"wp-page\" data-elementor-id=\"199\" class=\"elementor elementor-199\">\n\t\t\t\t\t\t<section class=\"elementor-section elementor-top-section elementor-element elementor-element-9285534 elementor-section-boxed elementor-section-height-default elementor-section-height-default\" data-id=\"9285534\" data-element_type=\"section\" data-e-type=\"section\">\n\t\t\t\t\t\t<div class=\"elementor-container elementor-column-gap-default\">\n\t\t\t\t\t<div class=\"elementor-column elementor-col-100 elementor-top-column elementor-element elementor-element-c800eed\" data-id=\"c800eed\" data-element_type=\"column\" data-e-type=\"column\">\n\t\t\t<div class=\"elementor-widget-wrap elementor-element-populated\">\n\t\t\t\t\t\t<div class=\"elementor-element elementor-element-52d57fe elementor-invisible elementor-widget elementor-widget-heading\" data-id=\"52d57fe\" data-element_type=\"widget\" data-e-type=\"widget\" data-settings=\"{&quot;_animation&quot;:&quot;fadeIn&quot;}\" data-widget_type=\"heading.default\">\n\t\t\t\t<div class=\"elementor-widget-container\">\n\t\t\t\t\t<h2 class=\"elementor-heading-title elementor-size-default\">Notre \u00e9picerie<\/h2>\t\t\t\t<\/div>\n\t\t\t\t<\/div>\n\t\t\t\t\t<\/div>\n\t\t<\/div>\n\t\t\t\t\t<\/div>\n\t\t<\/section>\n\t\t\t\t<section class=\"elementor-section elementor-top-section elementor-element elementor-element-2583179 elementor-section-boxed elementor-section-height-default elementor-section-height-default\" data-id=\"2583179\" data-element_type=\"section\" data-e-type=\"section\">\n\t\t\t\t\t\t<div class=\"elementor-container elementor-column-gap-default\">\n\t\t\t\t\t<div class=\"elementor-column elementor-col-100 elementor-top-column elementor-element elementor-element-f1af98a\" data-id=\"f1af98a\" data-element_type=\"column\" data-e-type=\"column\">\n\t\t\t<div class=\"elementor-widget-wrap elementor-element-populated\">\n\t\t\t\t\t\t<div class=\"elementor-element elementor-element-de10e75 elementor-widget elementor-widget-spacer\" data-id=\"de10e75\" data-element_type=\"widget\" data-e-type=\"widget\" data-widget_type=\"spacer.default\">\n\t\t\t\t<div class=\"elementor-widget-container\">\n\t\t\t\t\t\t\t<div class=\"elementor-spacer\">\n\t\t\t<div class=\"elementor-spacer-inner\"><\/div>\n\t\t<\/div>\n\t\t\t\t\t\t<\/div>\n\t\t\t\t<\/div>\n\t\t\t\t\t<\/div>\n\t\t<\/div>\n\t\t\t\t\t<\/div>\n\t\t<\/section>\n\t\t\t\t<section class=\"elementor-section elementor-top-section elementor-element elementor-element-6746785 elementor-section-boxed elementor-section-height-default elementor-section-height-default\" data-id=\"6746785\" data-element_type=\"section\" data-e-type=\"section\" data-settings=\"{&quot;shape_divider_top&quot;:&quot;curve&quot;}\">\n\t\t\t\t\t<div class=\"elementor-shape elementor-shape-top\" aria-hidden=\"true\" data-negative=\"false\">\n\t\t\t<svg xmlns=\"http:\/\/www.w3.org\/2000\/svg\" viewBox=\"0 0 1000 100\" preserveAspectRatio=\"none\">\n    <path class=\"elementor-shape-fill\" d=\"M1000,4.3V0H0v4.3C0.9,23.1,126.7,99.2,500,100S1000,22.7,1000,4.3z\"\/>\n<\/svg>\t\t<\/div>\n\t\t\t\t\t<div class=\"elementor-container elementor-column-gap-extended\">\n\t\t\t\t\t<div class=\"elementor-column elementor-col-100 elementor-top-column elementor-element elementor-element-ecf7861\" data-id=\"ecf7861\" data-element_type=\"column\" data-e-type=\"column\">\n\t\t\t<div class=\"elementor-widget-wrap elementor-element-populated\">\n\t\t\t\t\t\t<div class=\"elementor-element elementor-element-4c4f835 elementor-widget__width-initial elementor-invisible elementor-widget elementor-widget-text-editor\" data-id=\"4c4f835\" data-element_type=\"widget\" data-e-type=\"widget\" data-settings=\"{&quot;_animation&quot;:&quot;fadeIn&quot;}\" data-widget_type=\"text-editor.default\">\n\t\t\t\t<div class=\"elementor-widget-container\">\n\t\t\t\t\t\t\t\t\t<p><span style=\"color: #1d1d1b;\">Notre rayon \u00e9picerie vous offre du choix parmi une s\u00e9lection de produits import\u00e9s directement d\u2019Italie.<\/span><\/p><p><span style=\"color: #1d1d1b;\">Le<\/span> <a href=\"https:\/\/epicerievernazza.fr\/?page_id=293\">sal\u00e9<\/a> <span style=\"color: #1d1d1b;\">avec les p\u00e2tes, sauces, pestos, huiles d\u2019olive<span style=\"text-decoration: underline;\">,<\/span> vinaigres de balsamique sans oublier le <span style=\"color: #9a2a1b;\"><a style=\"color: #9a2a1b;\" href=\"https:\/\/epicerievernazza.fr\/?page_id=294\">sucr\u00e9<\/a><\/span> avec les marmelades de mandarines et agrumes de Sicile, citrons de Syracuse et nos cannolis go\u00fbt gianduja, pistache, citron et caramel.<\/span><\/p><p><span style=\"color: #1b1b1d;\">Vous trouverez \u00e9galement <a href=\"https:\/\/epicerievernazza.fr\/?page_id=295\">des produits de saison<\/a> comme les Panettones au moment de No\u00ebl et les Colombes \u00e0 P\u00e2ques \u00e0 partager et \u00e0 d\u00e9guster en famille.<\/span><\/p>\t\t\t\t\t\t\t\t<\/div>\n\t\t\t\t<\/div>\n\t\t\t\t\t<\/div>\n\t\t<\/div>\n\t\t\t\t\t<\/div>\n\t\t<\/section>\n\t\t\t\t<section class=\"elementor-section elementor-top-section elementor-element elementor-element-b5b7b96 elementor-section-boxed elementor-section-height-default elementor-section-height-default\" data-id=\"b5b7b96\" data-element_type=\"section\" data-e-type=\"section\">\n\t\t\t\t\t\t<div class=\"elementor-container elementor-column-gap-default\">\n\t\t\t\t\t<div class=\"elementor-column elementor-col-100 elementor-top-column elementor-element elementor-element-c500f43\" data-id=\"c500f43\" data-element_type=\"column\" data-e-type=\"column\">\n\t\t\t<div class=\"elementor-widget-wrap elementor-element-populated\">\n\t\t\t\t\t\t<div class=\"elementor-element elementor-element-363d1ff elementor-widget-divider--view-line_icon elementor-view-default elementor-widget-divider--element-align-center elementor-invisible elementor-widget elementor-widget-divider\" data-id=\"363d1ff\" data-element_type=\"widget\" data-e-type=\"widget\" data-settings=\"{&quot;_animation&quot;:&quot;fadeIn&quot;}\" data-widget_type=\"divider.default\">\n\t\t\t\t<div class=\"elementor-widget-container\">\n\t\t\t\t\t\t\t<div class=\"elementor-divider\">\n\t\t\t<span class=\"elementor-divider-separator\">\n\t\t\t\t\t\t\t<div class=\"elementor-icon elementor-divider__element\">\n\t\t\t\t\t<i aria-hidden=\"true\" class=\"fas fa-store\"><\/i><\/div>\n\t\t\t\t\t\t<\/span>\n\t\t<\/div>\n\t\t\t\t\t\t<\/div>\n\t\t\t\t<\/div>\n\t\t\t\t\t<\/div>\n\t\t<\/div>\n\t\t\t\t\t<\/div>\n\t\t<\/section>\n\t\t\t\t<section class=\"elementor-section elementor-top-section elementor-element elementor-element-bf8057b elementor-section-boxed elementor-section-height-default elementor-section-height-default\" data-id=\"bf8057b\" data-element_type=\"section\" data-e-type=\"section\">\n\t\t\t\t\t\t<div class=\"elementor-container elementor-column-gap-default\">\n\t\t\t\t\t<div class=\"elementor-column elementor-col-100 elementor-top-column elementor-element elementor-element-6a46087\" data-id=\"6a46087\" data-element_type=\"column\" data-e-type=\"column\">\n\t\t\t<div class=\"elementor-widget-wrap elementor-element-populated\">\n\t\t\t\t\t\t<div class=\"elementor-element elementor-element-45ad144 elementor-widget elementor-widget-spacer\" data-id=\"45ad144\" data-element_type=\"widget\" data-e-type=\"widget\" data-widget_type=\"spacer.default\">\n\t\t\t\t<div class=\"elementor-widget-container\">\n\t\t\t\t\t\t\t<div class=\"elementor-spacer\">\n\t\t\t<div class=\"elementor-spacer-inner\"><\/div>\n\t\t<\/div>\n\t\t\t\t\t\t<\/div>\n\t\t\t\t<\/div>\n\t\t\t\t\t<\/div>\n\t\t<\/div>\n\t\t\t\t\t<\/div>\n\t\t<\/section>\n\t\t\t\t<section class=\"elementor-section elementor-top-section elementor-element elementor-element-dc9e650 elementor-section-boxed elementor-section-height-default elementor-section-height-default\" data-id=\"dc9e650\" data-element_type=\"section\" data-e-type=\"section\">\n\t\t\t\t\t\t<div class=\"elementor-container elementor-column-gap-default\">\n\t\t\t\t\t<div class=\"elementor-column elementor-col-100 elementor-top-column elementor-element elementor-element-b1cee41\" data-id=\"b1cee41\" data-element_type=\"column\" data-e-type=\"column\">\n\t\t\t<div class=\"elementor-widget-wrap elementor-element-populated\">\n\t\t\t\t\t\t<div class=\"elementor-element elementor-element-48ddbf7 elementor-invisible elementor-widget elementor-widget-image\" data-id=\"48ddbf7\" data-element_type=\"widget\" data-e-type=\"widget\" data-settings=\"{&quot;_animation&quot;:&quot;fadeIn&quot;}\" data-widget_type=\"image.default\">\n\t\t\t\t<div class=\"elementor-widget-container\">\n\t\t\t\t\t\t\t\t\t\t\t\t\t\t\t<img fetchpriority=\"high\" decoding=\"async\" width=\"926\" height=\"1743\" src=\"https:\/\/epicerievernazza.fr\/wp-content\/uploads\/2023\/03\/6854eb58-d993-47f5-b301-ed7bbf87e104.jpg\" class=\"attachment-full size-full wp-image-1255\" alt=\"\" srcset=\"https:\/\/epicerievernazza.fr\/wp-content\/uploads\/2023\/03\/6854eb58-d993-47f5-b301-ed7bbf87e104.jpg 926w, https:\/\/epicerievernazza.fr\/wp-content\/uploads\/2023\/03\/6854eb58-d993-47f5-b301-ed7bbf87e104-159x300.jpg 159w, https:\/\/epicerievernazza.fr\/wp-content\/uploads\/2023\/03\/6854eb58-d993-47f5-b301-ed7bbf87e104-544x1024.jpg 544w, https:\/\/epicerievernazza.fr\/wp-content\/uploads\/2023\/03\/6854eb58-d993-47f5-b301-ed7bbf87e104-768x1446.jpg 768w, https:\/\/epicerievernazza.fr\/wp-content\/uploads\/2023\/03\/6854eb58-d993-47f5-b301-ed7bbf87e104-816x1536.jpg 816w\" sizes=\"(max-width: 926px) 100vw, 926px\" \/>\t\t\t\t\t\t\t\t\t\t\t\t\t\t\t<\/div>\n\t\t\t\t<\/div>\n\t\t\t\t\t<\/div>\n\t\t<\/div>\n\t\t\t\t\t<\/div>\n\t\t<\/section>\n\t\t\t\t<section class=\"elementor-section elementor-top-section elementor-element elementor-element-e14dd06 elementor-section-boxed elementor-section-height-default elementor-section-height-default\" data-id=\"e14dd06\" data-element_type=\"section\" data-e-type=\"section\">\n\t\t\t\t\t\t<div class=\"elementor-container elementor-column-gap-default\">\n\t\t\t\t\t<div class=\"elementor-column elementor-col-100 elementor-top-column elementor-element elementor-element-5d05c58\" data-id=\"5d05c58\" data-element_type=\"column\" data-e-type=\"column\">\n\t\t\t<div class=\"elementor-widget-wrap elementor-element-populated\">\n\t\t\t\t\t\t<div class=\"elementor-element elementor-element-ef99bee elementor-invisible elementor-widget elementor-widget-text-editor\" data-id=\"ef99bee\" data-element_type=\"widget\" data-e-type=\"widget\" data-settings=\"{&quot;_animation&quot;:&quot;fadeIn&quot;}\" data-widget_type=\"text-editor.default\">\n\t\t\t\t<div class=\"elementor-widget-container\">\n\t\t\t\t\t\t\t\t\t<p><span style=\"color: #1d1d1b;\"><em>Rayon \u00c9picerie de la boutique Vernazza.<\/em><\/span><\/p>\t\t\t\t\t\t\t\t<\/div>\n\t\t\t\t<\/div>\n\t\t\t\t\t<\/div>\n\t\t<\/div>\n\t\t\t\t\t<\/div>\n\t\t<\/section>\n\t\t\t\t<\/div>\n\t\t","protected":false},"excerpt":{"rendered":"<p>Notre \u00e9picerie Notre rayon \u00e9picerie vous offre du choix parmi une s\u00e9lection de produits import\u00e9s directement d\u2019Italie. Le sal\u00e9 avec les p\u00e2tes, sauces, pestos, huiles d\u2019olive, vinaigres de balsamique sans oublier le sucr\u00e9 avec les marmelades de mandarines et agrumes de Sicile, citrons de Syracuse et nos cannolis go\u00fbt gianduja, pistache, citron et caramel. Vous<\/p><\/div>\n<div class=\"blog-btn\"><a href=\"https:\/\/epicerievernazza.fr\/?page_id=199\" class=\"home-blog-btn\">Read More<\/a><\/p>\n","protected":false},"author":1,"featured_media":0,"parent":0,"menu_order":0,"comment_status":"closed","ping_status":"closed","template":"","meta":{"footnotes":""},"class_list":["post-199","page","type-page","status-publish","hentry"],"yoast_head":"<!-- This site is optimized with the Yoast SEO plugin v26.8 - https:\/\/yoast.com\/product\/yoast-seo-wordpress\/ -->\n<title>Epicerie - Epicerie Traiteur Italien Vernazza<\/title>\n<meta name=\"robots\" content=\"index, follow, max-snippet:-1, max-image-preview:large, max-video-preview:-1\" \/>\n<link rel=\"canonical\" href=\"https:\/\/epicerievernazza.fr\/?page_id=199\" \/>\n<meta property=\"og:locale\" content=\"en_US\" \/>\n<meta property=\"og:type\" content=\"article\" \/>\n<meta property=\"og:title\" content=\"Epicerie - Epicerie Traiteur Italien Vernazza\" \/>\n<meta property=\"og:description\" content=\"Notre \u00e9picerie Notre rayon \u00e9picerie vous offre du choix parmi une s\u00e9lection de produits import\u00e9s directement d\u2019Italie. Le sal\u00e9 avec les p\u00e2tes, sauces, pestos, huiles d\u2019olive, vinaigres de balsamique sans oublier le sucr\u00e9 avec les marmelades de mandarines et agrumes de Sicile, citrons de Syracuse et nos cannolis go\u00fbt gianduja, pistache, citron et caramel. VousRead More\" \/>\n<meta property=\"og:url\" content=\"https:\/\/epicerievernazza.fr\/?page_id=199\" \/>\n<meta property=\"og:site_name\" content=\"Epicerie Traiteur Italien Vernazza\" \/>\n<meta property=\"article:publisher\" content=\"https:\/\/www.facebook.com\/epicerievernazzalapaquelais\" \/>\n<meta property=\"article:modified_time\" content=\"2023-04-25T12:20:14+00:00\" \/>\n<meta property=\"og:image\" content=\"http:\/\/epicerievernazza.fr\/wp-content\/uploads\/2023\/03\/6854eb58-d993-47f5-b301-ed7bbf87e104.jpg\" \/>\n<meta name=\"twitter:card\" content=\"summary_large_image\" \/>\n<meta name=\"twitter:label1\" content=\"Est. reading time\" \/>\n\t<meta name=\"twitter:data1\" content=\"1 minute\" \/>\n<script type=\"application\/ld+json\" class=\"yoast-schema-graph\">{\"@context\":\"https:\/\/schema.org\",\"@graph\":[{\"@type\":\"WebPage\",\"@id\":\"https:\/\/epicerievernazza.fr\/?page_id=199\",\"url\":\"https:\/\/epicerievernazza.fr\/?page_id=199\",\"name\":\"Epicerie - Epicerie Traiteur Italien Vernazza\",\"isPartOf\":{\"@id\":\"https:\/\/epicerievernazza.fr\/#website\"},\"primaryImageOfPage\":{\"@id\":\"https:\/\/epicerievernazza.fr\/?page_id=199#primaryimage\"},\"image\":{\"@id\":\"https:\/\/epicerievernazza.fr\/?page_id=199#primaryimage\"},\"thumbnailUrl\":\"http:\/\/epicerievernazza.fr\/wp-content\/uploads\/2023\/03\/6854eb58-d993-47f5-b301-ed7bbf87e104.jpg\",\"datePublished\":\"2023-03-16T18:36:35+00:00\",\"dateModified\":\"2023-04-25T12:20:14+00:00\",\"breadcrumb\":{\"@id\":\"https:\/\/epicerievernazza.fr\/?page_id=199#breadcrumb\"},\"inLanguage\":\"en-US\",\"potentialAction\":[{\"@type\":\"ReadAction\",\"target\":[\"https:\/\/epicerievernazza.fr\/?page_id=199\"]}]},{\"@type\":\"ImageObject\",\"inLanguage\":\"en-US\",\"@id\":\"https:\/\/epicerievernazza.fr\/?page_id=199#primaryimage\",\"url\":\"http:\/\/epicerievernazza.fr\/wp-content\/uploads\/2023\/03\/6854eb58-d993-47f5-b301-ed7bbf87e104.jpg\",\"contentUrl\":\"http:\/\/epicerievernazza.fr\/wp-content\/uploads\/2023\/03\/6854eb58-d993-47f5-b301-ed7bbf87e104.jpg\"},{\"@type\":\"BreadcrumbList\",\"@id\":\"https:\/\/epicerievernazza.fr\/?page_id=199#breadcrumb\",\"itemListElement\":[{\"@type\":\"ListItem\",\"position\":1,\"name\":\"Accueil\",\"item\":\"https:\/\/epicerievernazza.fr\/\"},{\"@type\":\"ListItem\",\"position\":2,\"name\":\"Epicerie\"}]},{\"@type\":\"WebSite\",\"@id\":\"https:\/\/epicerievernazza.fr\/#website\",\"url\":\"https:\/\/epicerievernazza.fr\/\",\"name\":\"Epicerie Traiteur Italien Vernazza\",\"description\":\"\",\"publisher\":{\"@id\":\"https:\/\/epicerievernazza.fr\/#organization\"},\"potentialAction\":[{\"@type\":\"SearchAction\",\"target\":{\"@type\":\"EntryPoint\",\"urlTemplate\":\"https:\/\/epicerievernazza.fr\/?s={search_term_string}\"},\"query-input\":{\"@type\":\"PropertyValueSpecification\",\"valueRequired\":true,\"valueName\":\"search_term_string\"}}],\"inLanguage\":\"en-US\"},{\"@type\":\"Organization\",\"@id\":\"https:\/\/epicerievernazza.fr\/#organization\",\"name\":\"Epicerie Traiteur Italien Vernazza\",\"url\":\"https:\/\/epicerievernazza.fr\/\",\"logo\":{\"@type\":\"ImageObject\",\"inLanguage\":\"en-US\",\"@id\":\"https:\/\/epicerievernazza.fr\/#\/schema\/logo\/image\/\",\"url\":\"https:\/\/epicerievernazza.fr\/wp-content\/uploads\/2023\/03\/Vernazza.png\",\"contentUrl\":\"https:\/\/epicerievernazza.fr\/wp-content\/uploads\/2023\/03\/Vernazza.png\",\"width\":652,\"height\":141,\"caption\":\"Epicerie Traiteur Italien Vernazza\"},\"image\":{\"@id\":\"https:\/\/epicerievernazza.fr\/#\/schema\/logo\/image\/\"},\"sameAs\":[\"https:\/\/www.facebook.com\/epicerievernazzalapaquelais\",\"https:\/\/www.instagram.com\/vernazza_la_paquelais\/\"]}]}<\/script>\n<!-- \/ Yoast SEO plugin. -->","yoast_head_json":{"title":"Epicerie - Epicerie Traiteur Italien Vernazza","robots":{"index":"index","follow":"follow","max-snippet":"max-snippet:-1","max-image-preview":"max-image-preview:large","max-video-preview":"max-video-preview:-1"},"canonical":"https:\/\/epicerievernazza.fr\/?page_id=199","og_locale":"en_US","og_type":"article","og_title":"Epicerie - Epicerie Traiteur Italien Vernazza","og_description":"Notre \u00e9picerie Notre rayon \u00e9picerie vous offre du choix parmi une s\u00e9lection de produits import\u00e9s directement d\u2019Italie. Le sal\u00e9 avec les p\u00e2tes, sauces, pestos, huiles d\u2019olive, vinaigres de balsamique sans oublier le sucr\u00e9 avec les marmelades de mandarines et agrumes de Sicile, citrons de Syracuse et nos cannolis go\u00fbt gianduja, pistache, citron et caramel. VousRead More","og_url":"https:\/\/epicerievernazza.fr\/?page_id=199","og_site_name":"Epicerie Traiteur Italien Vernazza","article_publisher":"https:\/\/www.facebook.com\/epicerievernazzalapaquelais","article_modified_time":"2023-04-25T12:20:14+00:00","og_image":[{"url":"http:\/\/epicerievernazza.fr\/wp-content\/uploads\/2023\/03\/6854eb58-d993-47f5-b301-ed7bbf87e104.jpg","type":"","width":"","height":""}],"twitter_card":"summary_large_image","twitter_misc":{"Est. reading time":"1 minute"},"schema":{"@context":"https:\/\/schema.org","@graph":[{"@type":"WebPage","@id":"https:\/\/epicerievernazza.fr\/?page_id=199","url":"https:\/\/epicerievernazza.fr\/?page_id=199","name":"Epicerie - Epicerie Traiteur Italien Vernazza","isPartOf":{"@id":"https:\/\/epicerievernazza.fr\/#website"},"primaryImageOfPage":{"@id":"https:\/\/epicerievernazza.fr\/?page_id=199#primaryimage"},"image":{"@id":"https:\/\/epicerievernazza.fr\/?page_id=199#primaryimage"},"thumbnailUrl":"http:\/\/epicerievernazza.fr\/wp-content\/uploads\/2023\/03\/6854eb58-d993-47f5-b301-ed7bbf87e104.jpg","datePublished":"2023-03-16T18:36:35+00:00","dateModified":"2023-04-25T12:20:14+00:00","breadcrumb":{"@id":"https:\/\/epicerievernazza.fr\/?page_id=199#breadcrumb"},"inLanguage":"en-US","potentialAction":[{"@type":"ReadAction","target":["https:\/\/epicerievernazza.fr\/?page_id=199"]}]},{"@type":"ImageObject","inLanguage":"en-US","@id":"https:\/\/epicerievernazza.fr\/?page_id=199#primaryimage","url":"http:\/\/epicerievernazza.fr\/wp-content\/uploads\/2023\/03\/6854eb58-d993-47f5-b301-ed7bbf87e104.jpg","contentUrl":"http:\/\/epicerievernazza.fr\/wp-content\/uploads\/2023\/03\/6854eb58-d993-47f5-b301-ed7bbf87e104.jpg"},{"@type":"BreadcrumbList","@id":"https:\/\/epicerievernazza.fr\/?page_id=199#breadcrumb","itemListElement":[{"@type":"ListItem","position":1,"name":"Accueil","item":"https:\/\/epicerievernazza.fr\/"},{"@type":"ListItem","position":2,"name":"Epicerie"}]},{"@type":"WebSite","@id":"https:\/\/epicerievernazza.fr\/#website","url":"https:\/\/epicerievernazza.fr\/","name":"Epicerie Traiteur Italien Vernazza","description":"","publisher":{"@id":"https:\/\/epicerievernazza.fr\/#organization"},"potentialAction":[{"@type":"SearchAction","target":{"@type":"EntryPoint","urlTemplate":"https:\/\/epicerievernazza.fr\/?s={search_term_string}"},"query-input":{"@type":"PropertyValueSpecification","valueRequired":true,"valueName":"search_term_string"}}],"inLanguage":"en-US"},{"@type":"Organization","@id":"https:\/\/epicerievernazza.fr\/#organization","name":"Epicerie Traiteur Italien Vernazza","url":"https:\/\/epicerievernazza.fr\/","logo":{"@type":"ImageObject","inLanguage":"en-US","@id":"https:\/\/epicerievernazza.fr\/#\/schema\/logo\/image\/","url":"https:\/\/epicerievernazza.fr\/wp-content\/uploads\/2023\/03\/Vernazza.png","contentUrl":"https:\/\/epicerievernazza.fr\/wp-content\/uploads\/2023\/03\/Vernazza.png","width":652,"height":141,"caption":"Epicerie Traiteur Italien Vernazza"},"image":{"@id":"https:\/\/epicerievernazza.fr\/#\/schema\/logo\/image\/"},"sameAs":["https:\/\/www.facebook.com\/epicerievernazzalapaquelais","https:\/\/www.instagram.com\/vernazza_la_paquelais\/"]}]}},"_links":{"self":[{"href":"https:\/\/epicerievernazza.fr\/index.php?rest_route=\/wp\/v2\/pages\/199","targetHints":{"allow":["GET"]}}],"collection":[{"href":"https:\/\/epicerievernazza.fr\/index.php?rest_route=\/wp\/v2\/pages"}],"about":[{"href":"https:\/\/epicerievernazza.fr\/index.php?rest_route=\/wp\/v2\/types\/page"}],"author":[{"embeddable":true,"href":"https:\/\/epicerievernazza.fr\/index.php?rest_route=\/wp\/v2\/users\/1"}],"replies":[{"embeddable":true,"href":"https:\/\/epicerievernazza.fr\/index.php?rest_route=%2Fwp%2Fv2%2Fcomments&post=199"}],"version-history":[{"count":67,"href":"https:\/\/epicerievernazza.fr\/index.php?rest_route=\/wp\/v2\/pages\/199\/revisions"}],"predecessor-version":[{"id":3657,"href":"https:\/\/epicerievernazza.fr\/index.php?rest_route=\/wp\/v2\/pages\/199\/revisions\/3657"}],"wp:attachment":[{"href":"https:\/\/epicerievernazza.fr\/index.php?rest_route=%2Fwp%2Fv2%2Fmedia&parent=199"}],"curies":[{"name":"wp","href":"https:\/\/api.w.org\/{rel}","templated":true}]}}