{"id":295,"date":"2023-03-16T19:53:37","date_gmt":"2023-03-16T18:53:37","guid":{"rendered":"https:\/\/epicerievernazza.fr\/?page_id=295"},"modified":"2023-04-25T00:26:46","modified_gmt":"2023-04-24T22:26:46","slug":"produits-de-saisons","status":"publish","type":"page","link":"https:\/\/epicerievernazza.fr\/?page_id=295","title":{"rendered":"Produits de saisons"},"content":{"rendered":"\t\t<div data-elementor-type=\"wp-page\" data-elementor-id=\"295\" class=\"elementor elementor-295\">\n\t\t\t\t\t\t<section class=\"elementor-section elementor-top-section elementor-element elementor-element-db17297 elementor-section-boxed elementor-section-height-default elementor-section-height-default\" data-id=\"db17297\" data-element_type=\"section\" data-e-type=\"section\">\n\t\t\t\t\t\t<div class=\"elementor-container elementor-column-gap-default\">\n\t\t\t\t\t<div class=\"elementor-column elementor-col-100 elementor-top-column elementor-element elementor-element-687d318\" data-id=\"687d318\" data-element_type=\"column\" data-e-type=\"column\">\n\t\t\t<div class=\"elementor-widget-wrap elementor-element-populated\">\n\t\t\t\t\t\t<div class=\"elementor-element elementor-element-26929df elementor-invisible elementor-widget elementor-widget-heading\" data-id=\"26929df\" data-element_type=\"widget\" data-e-type=\"widget\" data-settings=\"{&quot;_animation&quot;:&quot;fadeIn&quot;}\" data-widget_type=\"heading.default\">\n\t\t\t\t<div class=\"elementor-widget-container\">\n\t\t\t\t\t<h2 class=\"elementor-heading-title elementor-size-default\">Nos produits de saison<\/h2>\t\t\t\t<\/div>\n\t\t\t\t<\/div>\n\t\t\t\t\t<\/div>\n\t\t<\/div>\n\t\t\t\t\t<\/div>\n\t\t<\/section>\n\t\t\t\t<section class=\"elementor-section elementor-top-section elementor-element elementor-element-424edcb elementor-section-boxed elementor-section-height-default elementor-section-height-default\" data-id=\"424edcb\" data-element_type=\"section\" data-e-type=\"section\">\n\t\t\t\t\t\t<div class=\"elementor-container elementor-column-gap-default\">\n\t\t\t\t\t<div class=\"elementor-column elementor-col-100 elementor-top-column elementor-element elementor-element-58bbe17\" data-id=\"58bbe17\" data-element_type=\"column\" data-e-type=\"column\">\n\t\t\t<div class=\"elementor-widget-wrap elementor-element-populated\">\n\t\t\t\t\t\t<div class=\"elementor-element elementor-element-1a293f1 elementor-widget elementor-widget-spacer\" data-id=\"1a293f1\" data-element_type=\"widget\" data-e-type=\"widget\" data-widget_type=\"spacer.default\">\n\t\t\t\t<div class=\"elementor-widget-container\">\n\t\t\t\t\t\t\t<div class=\"elementor-spacer\">\n\t\t\t<div class=\"elementor-spacer-inner\"><\/div>\n\t\t<\/div>\n\t\t\t\t\t\t<\/div>\n\t\t\t\t<\/div>\n\t\t\t\t\t<\/div>\n\t\t<\/div>\n\t\t\t\t\t<\/div>\n\t\t<\/section>\n\t\t\t\t<section class=\"elementor-section elementor-top-section elementor-element elementor-element-b68cc86 elementor-section-boxed elementor-section-height-default elementor-section-height-default\" data-id=\"b68cc86\" data-element_type=\"section\" data-e-type=\"section\">\n\t\t\t\t\t\t<div class=\"elementor-container elementor-column-gap-default\">\n\t\t\t\t\t<div class=\"elementor-column elementor-col-100 elementor-top-column elementor-element elementor-element-5b245be\" data-id=\"5b245be\" data-element_type=\"column\" data-e-type=\"column\">\n\t\t\t<div class=\"elementor-widget-wrap elementor-element-populated\">\n\t\t\t\t\t\t<div class=\"elementor-element elementor-element-a3815bf elementor-invisible elementor-widget elementor-widget-text-editor\" data-id=\"a3815bf\" data-element_type=\"widget\" data-e-type=\"widget\" data-settings=\"{&quot;_animation&quot;:&quot;fadeIn&quot;}\" data-widget_type=\"text-editor.default\">\n\t\t\t\t<div class=\"elementor-widget-container\">\n\t\t\t\t\t\t\t\t\t<p style=\"text-align: center;\"><em><span style=\"color: #1b1b1d;\">Voici une s\u00e9lection de produits adapt\u00e9s selon les saisons chez<\/span> <strong><a href=\"https:\/\/epicerievernazza.fr\/\">Vernazza<\/a><\/strong>.\u00a0<\/em><\/p><p style=\"text-align: center;\"><span style=\"color: #1b1b1d;\"><em>En cette p\u00e9riode de P\u00e2ques, nous vous proposons <strong>les Colombes<\/strong>.<\/em><\/span><\/p>\t\t\t\t\t\t\t\t<\/div>\n\t\t\t\t<\/div>\n\t\t\t\t\t<\/div>\n\t\t<\/div>\n\t\t\t\t\t<\/div>\n\t\t<\/section>\n\t\t\t\t<section class=\"elementor-section elementor-top-section elementor-element elementor-element-19e6248 elementor-section-boxed elementor-section-height-default elementor-section-height-default\" data-id=\"19e6248\" data-element_type=\"section\" data-e-type=\"section\">\n\t\t\t\t\t\t<div class=\"elementor-container elementor-column-gap-default\">\n\t\t\t\t\t<div class=\"elementor-column elementor-col-100 elementor-top-column elementor-element elementor-element-80b48f0\" data-id=\"80b48f0\" data-element_type=\"column\" data-e-type=\"column\">\n\t\t\t<div class=\"elementor-widget-wrap elementor-element-populated\">\n\t\t\t\t\t\t<div class=\"elementor-element elementor-element-5ddc5dd elementor-widget elementor-widget-spacer\" data-id=\"5ddc5dd\" data-element_type=\"widget\" data-e-type=\"widget\" data-widget_type=\"spacer.default\">\n\t\t\t\t<div class=\"elementor-widget-container\">\n\t\t\t\t\t\t\t<div class=\"elementor-spacer\">\n\t\t\t<div class=\"elementor-spacer-inner\"><\/div>\n\t\t<\/div>\n\t\t\t\t\t\t<\/div>\n\t\t\t\t<\/div>\n\t\t\t\t\t<\/div>\n\t\t<\/div>\n\t\t\t\t\t<\/div>\n\t\t<\/section>\n\t\t\t\t<section class=\"elementor-section elementor-top-section elementor-element elementor-element-7b5f8c7 elementor-section-boxed elementor-section-height-default elementor-section-height-default\" data-id=\"7b5f8c7\" data-element_type=\"section\" data-e-type=\"section\">\n\t\t\t\t\t\t<div class=\"elementor-container elementor-column-gap-default\">\n\t\t\t\t\t<div class=\"elementor-column elementor-col-100 elementor-top-column elementor-element elementor-element-1430ed5\" data-id=\"1430ed5\" data-element_type=\"column\" data-e-type=\"column\">\n\t\t\t<div class=\"elementor-widget-wrap elementor-element-populated\">\n\t\t\t\t\t\t<div class=\"elementor-element elementor-element-fcd29d9 elementor-widget-divider--view-line_icon elementor-view-default elementor-widget-divider--element-align-center elementor-invisible elementor-widget elementor-widget-divider\" data-id=\"fcd29d9\" data-element_type=\"widget\" data-e-type=\"widget\" data-settings=\"{&quot;_animation&quot;:&quot;fadeIn&quot;}\" data-widget_type=\"divider.default\">\n\t\t\t\t<div class=\"elementor-widget-container\">\n\t\t\t\t\t\t\t<div class=\"elementor-divider\">\n\t\t\t<span class=\"elementor-divider-separator\">\n\t\t\t\t\t\t\t<div class=\"elementor-icon elementor-divider__element\">\n\t\t\t\t\t<i aria-hidden=\"true\" class=\"fas fa-store\"><\/i><\/div>\n\t\t\t\t\t\t<\/span>\n\t\t<\/div>\n\t\t\t\t\t\t<\/div>\n\t\t\t\t<\/div>\n\t\t\t\t\t<\/div>\n\t\t<\/div>\n\t\t\t\t\t<\/div>\n\t\t<\/section>\n\t\t\t\t<section class=\"elementor-section elementor-top-section elementor-element elementor-element-0b17099 elementor-section-boxed elementor-section-height-default elementor-section-height-default\" data-id=\"0b17099\" data-element_type=\"section\" data-e-type=\"section\">\n\t\t\t\t\t\t<div class=\"elementor-container elementor-column-gap-default\">\n\t\t\t\t\t<div class=\"elementor-column elementor-col-100 elementor-top-column elementor-element elementor-element-e0a0eb6\" data-id=\"e0a0eb6\" data-element_type=\"column\" data-e-type=\"column\">\n\t\t\t<div class=\"elementor-widget-wrap elementor-element-populated\">\n\t\t\t\t\t\t<div class=\"elementor-element elementor-element-4d45eae elementor-widget elementor-widget-spacer\" data-id=\"4d45eae\" data-element_type=\"widget\" data-e-type=\"widget\" data-widget_type=\"spacer.default\">\n\t\t\t\t<div class=\"elementor-widget-container\">\n\t\t\t\t\t\t\t<div class=\"elementor-spacer\">\n\t\t\t<div class=\"elementor-spacer-inner\"><\/div>\n\t\t<\/div>\n\t\t\t\t\t\t<\/div>\n\t\t\t\t<\/div>\n\t\t\t\t\t<\/div>\n\t\t<\/div>\n\t\t\t\t\t<\/div>\n\t\t<\/section>\n\t\t\t\t<section class=\"elementor-section elementor-top-section elementor-element elementor-element-8263c1f elementor-section-boxed elementor-section-height-default elementor-section-height-default\" data-id=\"8263c1f\" data-element_type=\"section\" data-e-type=\"section\">\n\t\t\t\t\t\t<div class=\"elementor-container elementor-column-gap-default\">\n\t\t\t\t\t<div class=\"elementor-column elementor-col-50 elementor-top-column elementor-element elementor-element-1f9b2e9\" data-id=\"1f9b2e9\" data-element_type=\"column\" data-e-type=\"column\">\n\t\t\t<div class=\"elementor-widget-wrap elementor-element-populated\">\n\t\t\t\t\t\t<div class=\"elementor-element elementor-element-42b3ef1 elementor-invisible elementor-widget elementor-widget-image\" data-id=\"42b3ef1\" data-element_type=\"widget\" data-e-type=\"widget\" data-settings=\"{&quot;_animation&quot;:&quot;fadeIn&quot;}\" data-widget_type=\"image.default\">\n\t\t\t\t<div class=\"elementor-widget-container\">\n\t\t\t\t\t\t\t\t\t\t\t\t<figure class=\"wp-caption\">\n\t\t\t\t\t\t\t\t\t\t<img fetchpriority=\"high\" decoding=\"async\" width=\"696\" height=\"793\" src=\"https:\/\/epicerievernazza.fr\/wp-content\/uploads\/2023\/04\/Colombe-traditionnelle-amandes-et-oranges-confites-1.jpg\" class=\"attachment-medium_large size-medium_large wp-image-2718\" alt=\"\" srcset=\"https:\/\/epicerievernazza.fr\/wp-content\/uploads\/2023\/04\/Colombe-traditionnelle-amandes-et-oranges-confites-1.jpg 736w, https:\/\/epicerievernazza.fr\/wp-content\/uploads\/2023\/04\/Colombe-traditionnelle-amandes-et-oranges-confites-1-263x300.jpg 263w\" sizes=\"(max-width: 696px) 100vw, 696px\" \/>\t\t\t\t\t\t\t\t\t\t\t<figcaption class=\"widget-image-caption wp-caption-text\">Colombe traditionnelle (amandes et oranges confites)<\/figcaption>\n\t\t\t\t\t\t\t\t\t\t<\/figure>\n\t\t\t\t\t\t\t\t\t<\/div>\n\t\t\t\t<\/div>\n\t\t\t\t\t<\/div>\n\t\t<\/div>\n\t\t\t\t<div class=\"elementor-column elementor-col-50 elementor-top-column elementor-element elementor-element-839182c\" data-id=\"839182c\" data-element_type=\"column\" data-e-type=\"column\">\n\t\t\t<div class=\"elementor-widget-wrap elementor-element-populated\">\n\t\t\t\t\t\t<div class=\"elementor-element elementor-element-8e2f64c elementor-invisible elementor-widget elementor-widget-image\" data-id=\"8e2f64c\" data-element_type=\"widget\" data-e-type=\"widget\" data-settings=\"{&quot;_animation&quot;:&quot;fadeIn&quot;}\" data-widget_type=\"image.default\">\n\t\t\t\t<div class=\"elementor-widget-container\">\n\t\t\t\t\t\t\t\t\t\t\t\t<figure class=\"wp-caption\">\n\t\t\t\t\t\t\t\t\t\t<img decoding=\"async\" width=\"696\" height=\"777\" src=\"https:\/\/epicerievernazza.fr\/wp-content\/uploads\/2023\/04\/Colombe-aux-pepites-de-chocolat-et-aux-amandes-768x857.jpg\" class=\"attachment-medium_large size-medium_large wp-image-2709\" alt=\"\" srcset=\"https:\/\/epicerievernazza.fr\/wp-content\/uploads\/2023\/04\/Colombe-aux-pepites-de-chocolat-et-aux-amandes-768x857.jpg 768w, https:\/\/epicerievernazza.fr\/wp-content\/uploads\/2023\/04\/Colombe-aux-pepites-de-chocolat-et-aux-amandes-269x300.jpg 269w, https:\/\/epicerievernazza.fr\/wp-content\/uploads\/2023\/04\/Colombe-aux-pepites-de-chocolat-et-aux-amandes.jpg 914w\" sizes=\"(max-width: 696px) 100vw, 696px\" \/>\t\t\t\t\t\t\t\t\t\t\t<figcaption class=\"widget-image-caption wp-caption-text\">Colombe aux p\u00e9pites de chocolat et aux amandes<\/figcaption>\n\t\t\t\t\t\t\t\t\t\t<\/figure>\n\t\t\t\t\t\t\t\t\t<\/div>\n\t\t\t\t<\/div>\n\t\t\t\t\t<\/div>\n\t\t<\/div>\n\t\t\t\t\t<\/div>\n\t\t<\/section>\n\t\t\t\t<\/div>\n\t\t","protected":false},"excerpt":{"rendered":"<p>Nos produits de saison Voici une s\u00e9lection de produits adapt\u00e9s selon les saisons chez Vernazza.\u00a0 En cette p\u00e9riode de P\u00e2ques, nous vous proposons les Colombes. Colombe traditionnelle (amandes et oranges confites) Colombe aux p\u00e9pites de chocolat et aux amandes<\/p>\n","protected":false},"author":1,"featured_media":0,"parent":0,"menu_order":0,"comment_status":"closed","ping_status":"closed","template":"","meta":{"footnotes":""},"class_list":["post-295","page","type-page","status-publish","hentry"],"yoast_head":"<!-- This site is optimized with the Yoast SEO plugin v26.8 - https:\/\/yoast.com\/product\/yoast-seo-wordpress\/ -->\n<title>Produits de saisons - Epicerie Traiteur Italien Vernazza<\/title>\n<meta name=\"robots\" content=\"index, follow, max-snippet:-1, max-image-preview:large, max-video-preview:-1\" \/>\n<link rel=\"canonical\" href=\"https:\/\/epicerievernazza.fr\/?page_id=295\" \/>\n<meta property=\"og:locale\" content=\"en_US\" \/>\n<meta property=\"og:type\" content=\"article\" \/>\n<meta property=\"og:title\" content=\"Produits de saisons - Epicerie Traiteur Italien Vernazza\" \/>\n<meta property=\"og:description\" content=\"Nos produits de saison Voici une s\u00e9lection de produits adapt\u00e9s selon les saisons chez Vernazza.\u00a0 En cette p\u00e9riode de P\u00e2ques, nous vous proposons les Colombes. Colombe traditionnelle (amandes et oranges confites) Colombe aux p\u00e9pites de chocolat et aux amandes\" \/>\n<meta property=\"og:url\" content=\"https:\/\/epicerievernazza.fr\/?page_id=295\" \/>\n<meta property=\"og:site_name\" content=\"Epicerie Traiteur Italien Vernazza\" \/>\n<meta property=\"article:publisher\" content=\"https:\/\/www.facebook.com\/epicerievernazzalapaquelais\" \/>\n<meta property=\"article:modified_time\" content=\"2023-04-24T22:26:46+00:00\" \/>\n<meta property=\"og:image\" content=\"http:\/\/epicerievernazza.fr\/wp-content\/uploads\/2023\/04\/Colombe-traditionnelle-amandes-et-oranges-confites-1.jpg\" \/>\n<meta name=\"twitter:card\" content=\"summary_large_image\" \/>\n<meta name=\"twitter:label1\" content=\"Est. reading time\" \/>\n\t<meta name=\"twitter:data1\" content=\"1 minute\" \/>\n<script type=\"application\/ld+json\" class=\"yoast-schema-graph\">{\"@context\":\"https:\/\/schema.org\",\"@graph\":[{\"@type\":\"WebPage\",\"@id\":\"https:\/\/epicerievernazza.fr\/?page_id=295\",\"url\":\"https:\/\/epicerievernazza.fr\/?page_id=295\",\"name\":\"Produits de saisons - Epicerie Traiteur Italien Vernazza\",\"isPartOf\":{\"@id\":\"https:\/\/epicerievernazza.fr\/#website\"},\"primaryImageOfPage\":{\"@id\":\"https:\/\/epicerievernazza.fr\/?page_id=295#primaryimage\"},\"image\":{\"@id\":\"https:\/\/epicerievernazza.fr\/?page_id=295#primaryimage\"},\"thumbnailUrl\":\"http:\/\/epicerievernazza.fr\/wp-content\/uploads\/2023\/04\/Colombe-traditionnelle-amandes-et-oranges-confites-1.jpg\",\"datePublished\":\"2023-03-16T18:53:37+00:00\",\"dateModified\":\"2023-04-24T22:26:46+00:00\",\"breadcrumb\":{\"@id\":\"https:\/\/epicerievernazza.fr\/?page_id=295#breadcrumb\"},\"inLanguage\":\"en-US\",\"potentialAction\":[{\"@type\":\"ReadAction\",\"target\":[\"https:\/\/epicerievernazza.fr\/?page_id=295\"]}]},{\"@type\":\"ImageObject\",\"inLanguage\":\"en-US\",\"@id\":\"https:\/\/epicerievernazza.fr\/?page_id=295#primaryimage\",\"url\":\"http:\/\/epicerievernazza.fr\/wp-content\/uploads\/2023\/04\/Colombe-traditionnelle-amandes-et-oranges-confites-1.jpg\",\"contentUrl\":\"http:\/\/epicerievernazza.fr\/wp-content\/uploads\/2023\/04\/Colombe-traditionnelle-amandes-et-oranges-confites-1.jpg\"},{\"@type\":\"BreadcrumbList\",\"@id\":\"https:\/\/epicerievernazza.fr\/?page_id=295#breadcrumb\",\"itemListElement\":[{\"@type\":\"ListItem\",\"position\":1,\"name\":\"Accueil\",\"item\":\"https:\/\/epicerievernazza.fr\/\"},{\"@type\":\"ListItem\",\"position\":2,\"name\":\"Produits de saisons\"}]},{\"@type\":\"WebSite\",\"@id\":\"https:\/\/epicerievernazza.fr\/#website\",\"url\":\"https:\/\/epicerievernazza.fr\/\",\"name\":\"Epicerie Traiteur Italien Vernazza\",\"description\":\"\",\"publisher\":{\"@id\":\"https:\/\/epicerievernazza.fr\/#organization\"},\"potentialAction\":[{\"@type\":\"SearchAction\",\"target\":{\"@type\":\"EntryPoint\",\"urlTemplate\":\"https:\/\/epicerievernazza.fr\/?s={search_term_string}\"},\"query-input\":{\"@type\":\"PropertyValueSpecification\",\"valueRequired\":true,\"valueName\":\"search_term_string\"}}],\"inLanguage\":\"en-US\"},{\"@type\":\"Organization\",\"@id\":\"https:\/\/epicerievernazza.fr\/#organization\",\"name\":\"Epicerie Traiteur Italien Vernazza\",\"url\":\"https:\/\/epicerievernazza.fr\/\",\"logo\":{\"@type\":\"ImageObject\",\"inLanguage\":\"en-US\",\"@id\":\"https:\/\/epicerievernazza.fr\/#\/schema\/logo\/image\/\",\"url\":\"https:\/\/epicerievernazza.fr\/wp-content\/uploads\/2023\/03\/Vernazza.png\",\"contentUrl\":\"https:\/\/epicerievernazza.fr\/wp-content\/uploads\/2023\/03\/Vernazza.png\",\"width\":652,\"height\":141,\"caption\":\"Epicerie Traiteur Italien Vernazza\"},\"image\":{\"@id\":\"https:\/\/epicerievernazza.fr\/#\/schema\/logo\/image\/\"},\"sameAs\":[\"https:\/\/www.facebook.com\/epicerievernazzalapaquelais\",\"https:\/\/www.instagram.com\/vernazza_la_paquelais\/\"]}]}<\/script>\n<!-- \/ Yoast SEO plugin. -->","yoast_head_json":{"title":"Produits de saisons - Epicerie Traiteur Italien Vernazza","robots":{"index":"index","follow":"follow","max-snippet":"max-snippet:-1","max-image-preview":"max-image-preview:large","max-video-preview":"max-video-preview:-1"},"canonical":"https:\/\/epicerievernazza.fr\/?page_id=295","og_locale":"en_US","og_type":"article","og_title":"Produits de saisons - Epicerie Traiteur Italien Vernazza","og_description":"Nos produits de saison Voici une s\u00e9lection de produits adapt\u00e9s selon les saisons chez Vernazza.\u00a0 En cette p\u00e9riode de P\u00e2ques, nous vous proposons les Colombes. Colombe traditionnelle (amandes et oranges confites) Colombe aux p\u00e9pites de chocolat et aux amandes","og_url":"https:\/\/epicerievernazza.fr\/?page_id=295","og_site_name":"Epicerie Traiteur Italien Vernazza","article_publisher":"https:\/\/www.facebook.com\/epicerievernazzalapaquelais","article_modified_time":"2023-04-24T22:26:46+00:00","og_image":[{"url":"http:\/\/epicerievernazza.fr\/wp-content\/uploads\/2023\/04\/Colombe-traditionnelle-amandes-et-oranges-confites-1.jpg","type":"","width":"","height":""}],"twitter_card":"summary_large_image","twitter_misc":{"Est. reading time":"1 minute"},"schema":{"@context":"https:\/\/schema.org","@graph":[{"@type":"WebPage","@id":"https:\/\/epicerievernazza.fr\/?page_id=295","url":"https:\/\/epicerievernazza.fr\/?page_id=295","name":"Produits de saisons - Epicerie Traiteur Italien Vernazza","isPartOf":{"@id":"https:\/\/epicerievernazza.fr\/#website"},"primaryImageOfPage":{"@id":"https:\/\/epicerievernazza.fr\/?page_id=295#primaryimage"},"image":{"@id":"https:\/\/epicerievernazza.fr\/?page_id=295#primaryimage"},"thumbnailUrl":"http:\/\/epicerievernazza.fr\/wp-content\/uploads\/2023\/04\/Colombe-traditionnelle-amandes-et-oranges-confites-1.jpg","datePublished":"2023-03-16T18:53:37+00:00","dateModified":"2023-04-24T22:26:46+00:00","breadcrumb":{"@id":"https:\/\/epicerievernazza.fr\/?page_id=295#breadcrumb"},"inLanguage":"en-US","potentialAction":[{"@type":"ReadAction","target":["https:\/\/epicerievernazza.fr\/?page_id=295"]}]},{"@type":"ImageObject","inLanguage":"en-US","@id":"https:\/\/epicerievernazza.fr\/?page_id=295#primaryimage","url":"http:\/\/epicerievernazza.fr\/wp-content\/uploads\/2023\/04\/Colombe-traditionnelle-amandes-et-oranges-confites-1.jpg","contentUrl":"http:\/\/epicerievernazza.fr\/wp-content\/uploads\/2023\/04\/Colombe-traditionnelle-amandes-et-oranges-confites-1.jpg"},{"@type":"BreadcrumbList","@id":"https:\/\/epicerievernazza.fr\/?page_id=295#breadcrumb","itemListElement":[{"@type":"ListItem","position":1,"name":"Accueil","item":"https:\/\/epicerievernazza.fr\/"},{"@type":"ListItem","position":2,"name":"Produits de saisons"}]},{"@type":"WebSite","@id":"https:\/\/epicerievernazza.fr\/#website","url":"https:\/\/epicerievernazza.fr\/","name":"Epicerie Traiteur Italien Vernazza","description":"","publisher":{"@id":"https:\/\/epicerievernazza.fr\/#organization"},"potentialAction":[{"@type":"SearchAction","target":{"@type":"EntryPoint","urlTemplate":"https:\/\/epicerievernazza.fr\/?s={search_term_string}"},"query-input":{"@type":"PropertyValueSpecification","valueRequired":true,"valueName":"search_term_string"}}],"inLanguage":"en-US"},{"@type":"Organization","@id":"https:\/\/epicerievernazza.fr\/#organization","name":"Epicerie Traiteur Italien Vernazza","url":"https:\/\/epicerievernazza.fr\/","logo":{"@type":"ImageObject","inLanguage":"en-US","@id":"https:\/\/epicerievernazza.fr\/#\/schema\/logo\/image\/","url":"https:\/\/epicerievernazza.fr\/wp-content\/uploads\/2023\/03\/Vernazza.png","contentUrl":"https:\/\/epicerievernazza.fr\/wp-content\/uploads\/2023\/03\/Vernazza.png","width":652,"height":141,"caption":"Epicerie Traiteur Italien Vernazza"},"image":{"@id":"https:\/\/epicerievernazza.fr\/#\/schema\/logo\/image\/"},"sameAs":["https:\/\/www.facebook.com\/epicerievernazzalapaquelais","https:\/\/www.instagram.com\/vernazza_la_paquelais\/"]}]}},"_links":{"self":[{"href":"https:\/\/epicerievernazza.fr\/index.php?rest_route=\/wp\/v2\/pages\/295","targetHints":{"allow":["GET"]}}],"collection":[{"href":"https:\/\/epicerievernazza.fr\/index.php?rest_route=\/wp\/v2\/pages"}],"about":[{"href":"https:\/\/epicerievernazza.fr\/index.php?rest_route=\/wp\/v2\/types\/page"}],"author":[{"embeddable":true,"href":"https:\/\/epicerievernazza.fr\/index.php?rest_route=\/wp\/v2\/users\/1"}],"replies":[{"embeddable":true,"href":"https:\/\/epicerievernazza.fr\/index.php?rest_route=%2Fwp%2Fv2%2Fcomments&post=295"}],"version-history":[{"count":37,"href":"https:\/\/epicerievernazza.fr\/index.php?rest_route=\/wp\/v2\/pages\/295\/revisions"}],"predecessor-version":[{"id":3628,"href":"https:\/\/epicerievernazza.fr\/index.php?rest_route=\/wp\/v2\/pages\/295\/revisions\/3628"}],"wp:attachment":[{"href":"https:\/\/epicerievernazza.fr\/index.php?rest_route=%2Fwp%2Fv2%2Fmedia&parent=295"}],"curies":[{"name":"wp","href":"https:\/\/api.w.org\/{rel}","templated":true}]}}